{"id":794,"date":"2024-02-19T08:52:55","date_gmt":"2024-02-19T08:52:55","guid":{"rendered":"https:\/\/quartierdelapoya.ch\/formulaire\/?page_id=794"},"modified":"2024-09-02T14:36:52","modified_gmt":"2024-09-02T14:36:52","slug":"informationen-ueber-die-mietobjekte","status":"publish","type":"page","link":"https:\/\/quartierdelapoya.ch\/de\/heute\/informationen-ueber-die-mietobjekte\/","title":{"rendered":"Informationen \u00fcber die Mietobjekte"},"content":{"rendered":"<div class=\"wpb-content-wrapper\"><p>[vc_row el_class=&#8220;pt-15 pb-30&#8243;][vc_column][vc_row_inner el_class=&#8220;introduction&#8220;][vc_column_inner][vc_single_image image=&#8220;198&#8243; img_size=&#8220;full&#8220; alignment=&#8220;center&#8220; el_class=&#8220;img-icone&#8220;][vc_column_text]<\/p>\n<h2 style=\"text-align: center;\">Informationen \u00fcber die Mietobjekte<\/h2>\n<p>[\/vc_column_text][\/vc_column_inner][\/vc_row_inner][\/vc_column][\/vc_row][vc_row full_width=&#8220;stretch_row&#8220; el_class=&#8220;pt-0 pb-0&#8243;][vc_column][vc_single_image image=&#8220;837&#8243; img_size=&#8220;full&#8220;][\/vc_column][\/vc_row][vc_row full_width=&#8220;stretch_row&#8220; el_class=&#8220;background-gray intro&#8220;][vc_column][vc_row_inner][vc_column_inner width=&#8220;3\/12&#8243;][\/vc_column_inner][vc_column_inner width=&#8220;6\/12&#8243;]<div class='separateur'><\/div>[vc_column_text]<\/p>\n<p style=\"text-align: center;\">Die Kaserne befindet sich derzeit in einer \u00dcbergangsphase. Einige R\u00e4ume und Geb\u00e4ude werden vor\u00fcbergehend vom Staatssekretariat f\u00fcr Migration f\u00fcr die Unterbringung von Asylsuchenden genutzt, andere vom Kanton Freiburg f\u00fcr denselben Zweck.<\/p>\n<p style=\"text-align: center;\">Ein einzigartiger Standort in zentraler Lage, bestehende Geb\u00e4ude in gutem Zustand, die kurzfristig ein hohes Aufnahmepotential bieten: Dieses staatliche Eigentum erm\u00f6glicht die Umsetzung von Beispielprojekten<em>.<\/em><\/p>\n<p>[\/vc_column_text][\/vc_column_inner][vc_column_inner width=&#8220;3\/12&#8243;][\/vc_column_inner][\/vc_row_inner][\/vc_column][\/vc_row][vc_row el_class=&#8220;pt-110 pb-0&#8243;][vc_column][vc_row_inner][vc_column_inner width=&#8220;1\/2&#8243;]<div class='plan'><div class='plan--image'><div class='carousel-cell'><img src='https:\/\/quartierdelapoya.ch\/wp-content\/uploads\/2024\/02\/CASERNE-1.jpg' \/><\/div><div class='carousel-cell'><img src='https:\/\/quartierdelapoya.ch\/wp-content\/uploads\/2024\/02\/CASERNE-1_Photodrone-pro-A2S-0243.jpg' \/><\/div><div class='carousel-cell'><img src='https:\/\/quartierdelapoya.ch\/wp-content\/uploads\/2024\/02\/CASERNE-1_Photodrone-pro-A2S-0229.jpg' \/><\/div><div class='carousel-cell'><img src='https:\/\/quartierdelapoya.ch\/wp-content\/uploads\/2024\/02\/CASERNE-1_Photodrone-pro-A2S-0224.jpg' \/><\/div><div class='carousel-cell'><img src='https:\/\/quartierdelapoya.ch\/wp-content\/uploads\/2024\/02\/CASERNE-1_Photodrone-pro-A2S-0217.jpg' \/><\/div><div class='carousel-cell'><img src='https:\/\/quartierdelapoya.ch\/wp-content\/uploads\/2024\/02\/CASERNE-1_Photodrone-pro-A2S-0208.jpg' \/><\/div><div class='carousel-cell'><img src='https:\/\/quartierdelapoya.ch\/wp-content\/uploads\/2024\/02\/CASERNE-1_Photodrone-pro-A2S-0206.jpg' \/><\/div><div class='carousel-cell'><img src='https:\/\/quartierdelapoya.ch\/wp-content\/uploads\/2024\/02\/CASERNE-1_Photodrone-pro-A2S-0200.jpg' \/><\/div><div class='carousel-cell'><img src='https:\/\/quartierdelapoya.ch\/wp-content\/uploads\/2024\/02\/CASERNE-1_Photodrone-pro-A2S-0199-1.jpg' \/><\/div><div class='carousel-cell'><img src='https:\/\/quartierdelapoya.ch\/wp-content\/uploads\/2024\/02\/CASERNE-1_Photodrone-pro-A2S-0194.jpg' \/><\/div><\/div><div class='plan--titre'>Kaserne 1 und Offizierspavillon<\/div><div class='plan--texte'>9\u2019800 BFG (Bruttogeschossfl\u00e4che).<br \/>\nAktuelle Ausstattung: Schlafs\u00e4le, Sanit\u00e4ranlagen, zwei grosse, ausgestattete K\u00fcchen, Umkleider\u00e4ume, Theorieraum (7 * 59 m\u00b2), Krankenstation, Lagerr\u00e4ume, Fahrradabstellraum.<\/div><div class='plan--plan'>> <a href='https:\/\/quartierdelapoya.ch\/wp-content\/uploads\/2024\/02\/CASERNE_1_ET_PAVILLON-DES-OFFICIERS.pdf' target='_blank'>Pl\u00e4ne herunterladen<\/a><\/div><\/div>[\/vc_column_inner][vc_column_inner width=&#8220;1\/2&#8243;]<div class='plan'><div class='plan--image'><div class='carousel-cell'><img src='https:\/\/quartierdelapoya.ch\/wp-content\/uploads\/2024\/02\/HUM.jpg' \/><\/div><div class='carousel-cell'><img src='https:\/\/quartierdelapoya.ch\/wp-content\/uploads\/2024\/02\/HUM_Photodrone_pro-A7R2-05230.jpg' \/><\/div><\/div><div class='plan--titre'>MZH (Mehrzweckhalle)<\/div><div class='plan--texte'>1\u2019200 BFG (Bruttogeschossfl\u00e4che).<br \/>\nAktuelle Ausstattung: Mehrzweckhalle, staatliche Lagerr\u00e4ume.<\/div><div class='plan--plan'><\/div><\/div>[\/vc_column_inner][\/vc_row_inner][vc_row_inner][vc_column_inner width=&#8220;1\/2&#8243;]<div class='plan'><div class='plan--image'><div class='carousel-cell'><img src='https:\/\/quartierdelapoya.ch\/wp-content\/uploads\/2024\/02\/CASERNE-2.jpg' \/><\/div><div class='carousel-cell'><img src='https:\/\/quartierdelapoya.ch\/wp-content\/uploads\/2024\/02\/CASERNE-2_Photodrone-pro-A2S-0184.jpg' \/><\/div><div class='carousel-cell'><img src='https:\/\/quartierdelapoya.ch\/wp-content\/uploads\/2024\/02\/CASERNE-2_Photodrone-pro-A2S-0190.jpg' \/><\/div><div class='carousel-cell'><img src='https:\/\/quartierdelapoya.ch\/wp-content\/uploads\/2024\/02\/CASERNE-2_Photodrone-pro-A2S-0179.jpg' \/><\/div><\/div><div class='plan--titre'>Kaserne 2<\/div><div class='plan--texte'>4\u2019200 BFG (Bruttogeschossfl\u00e4che).<br \/>\nAktuelle Ausstattung: Schlafs\u00e4le, Sanit\u00e4ranlagen, Konferenzr\u00e4ume, verschiedene Werkst\u00e4tten, Fahrradmuseum.<\/div><div class='plan--plan'>> <a href='https:\/\/quartierdelapoya.ch\/wp-content\/uploads\/2024\/02\/4-CASERNE_2.pdf' target='_blank'>Pl\u00e4ne herunterladen<\/a><\/div><\/div>[\/vc_column_inner][vc_column_inner width=&#8220;1\/2&#8243;]<div class='plan'><div class='plan--image'><div class='carousel-cell'><img src='https:\/\/quartierdelapoya.ch\/wp-content\/uploads\/2024\/02\/FOYER-DU-SOLDAT.jpg' \/><\/div><\/div><div class='plan--titre'>Soldatenheim<\/div><div class='plan--texte'>400 BFG (Bruttogeschossfl\u00e4che).<br \/>\nAktuelle Ausstattung: B\u00fcros (3 * 18 m\u00b2), Konferenzraum (20 m\u00b2), Wohnungen.<\/div><div class='plan--plan'>> <a href='https:\/\/quartierdelapoya.ch\/wp-content\/uploads\/2024\/02\/0-COMMANDEMENT-DE-PLACE-FOYER.pdf' target='_blank'>Pl\u00e4ne herunterladen<\/a><\/div><\/div>[\/vc_column_inner][\/vc_row_inner][vc_row_inner][vc_column_inner width=&#8220;1\/2&#8243;]<div class='plan'><div class='plan--image'><div class='carousel-cell'><img src='https:\/\/quartierdelapoya.ch\/wp-content\/uploads\/2024\/02\/ATELIER-ET-GARAGES.jpg' \/><\/div><div class='carousel-cell'><img src='https:\/\/quartierdelapoya.ch\/wp-content\/uploads\/2024\/02\/ATELIER-ET-GARAGES_Photodrone-pro-A2S-0147.jpg' \/><\/div><div class='carousel-cell'><img src='https:\/\/quartierdelapoya.ch\/wp-content\/uploads\/2024\/02\/ATELIER-ET-GARAGES_Photodrone-pro-A2S-0150.jpg' \/><\/div><div class='carousel-cell'><img src='https:\/\/quartierdelapoya.ch\/wp-content\/uploads\/2024\/02\/ATELIER-ET-GARAGES_Photodrone-pro-A2S-0151.jpg' \/><\/div><div class='carousel-cell'><img src='https:\/\/quartierdelapoya.ch\/wp-content\/uploads\/2024\/02\/ATELIER-ET-GARAGES_Photodrone-pro-A2S-0159.jpg' \/><\/div><div class='carousel-cell'><img src='https:\/\/quartierdelapoya.ch\/wp-content\/uploads\/2024\/02\/ATELIER-ET-GARAGES_Photodrone-pro-A2S-0161.jpg' \/><\/div><\/div><div class='plan--titre'>Werkst\u00e4tten und Garagen<\/div><div class='plan--texte'>1\u2019600 BFG (Bruttogeschossfl\u00e4che).<br \/>\nAktuelle Ausstattung: zwei unbeheizte Werkst\u00e4tten, kleiner Konferenzraum, unbeheizte Hallen mit ebenerdigem Zugang und einer Deckenh\u00f6he von 7,50 m.<\/div><div class='plan--plan'>> <a href='https:\/\/quartierdelapoya.ch\/wp-content\/uploads\/2024\/02\/CENTRALE-TRANSPORTS-ET-HALLES-VEHICULES_ET_STPA-ABRI.pdf' target='_blank'>Pl\u00e4ne herunterladen<\/a><\/div><\/div>[\/vc_column_inner][vc_column_inner width=&#8220;1\/2&#8243;]<div class='plan'><div class='plan--image'><div class='carousel-cell'><img src='https:\/\/quartierdelapoya.ch\/wp-content\/uploads\/2024\/02\/COMMANDEMENT.jpg' \/><\/div><div class='carousel-cell'><img src='https:\/\/quartierdelapoya.ch\/wp-content\/uploads\/2024\/02\/COMMANDEMENT_Photodrone-pro-A2S-0144.jpg' \/><\/div><div class='carousel-cell'><img src='https:\/\/quartierdelapoya.ch\/wp-content\/uploads\/2024\/02\/COMMANDEMENT_Photodrone-pro-A2S-0138.jpg' \/><\/div><div class='carousel-cell'><img src='https:\/\/quartierdelapoya.ch\/wp-content\/uploads\/2024\/02\/COMMANDEMENT_Photodrone-pro-A2S-0140.jpg' \/><\/div><\/div><div class='plan--titre'>Kommandogeb\u00e4ude<\/div><div class='plan--texte'>1\u2019400 BFG (Bruttogeschossfl\u00e4che).<br \/>\nAktuelle Ausstattung: Einzelzimmer, Sanit\u00e4ranlagen, B\u00fcros, Zellen (6 m\u00b2), Postraum.<\/div><div class='plan--plan'>> <a href='https:\/\/quartierdelapoya.ch\/wp-content\/uploads\/2024\/02\/1-COMMANDEMENT-INSTRUCTION.pdf' target='_blank'>Pl\u00e4ne herunterladen<\/a><\/div><\/div>[\/vc_column_inner][\/vc_row_inner][\/vc_column][\/vc_row][vc_row el_class=&#8220;pt-40&#8243;][vc_column][vc_row_inner][vc_column_inner width=&#8220;4\/12&#8243;][\/vc_column_inner][vc_column_inner width=&#8220;4\/12&#8243;][vc_column_text]<\/p>\n<p style=\"text-align: left;\"><a class=\"button big yellow\" href=\"https:\/\/quartierdelapoya.ch\/de\/mietantragsformular\/\" target=\"_blank\" rel=\"noopener\">Mietantragsformular<\/a><\/p>\n<p>[\/vc_column_text][\/vc_column_inner][vc_column_inner width=&#8220;4\/12&#8243;][\/vc_column_inner][\/vc_row_inner][\/vc_column][\/vc_row]<\/p>\n<\/div>","protected":false},"excerpt":{"rendered":"<p>[vc_row el_class=&#8220;pt-15 pb-30&#8243;][vc_column][vc_row_inner el_class=&#8220;introduction&#8220;][vc_column_inner][vc_single_image image=&#8220;198&#8243; img_size=&#8220;full&#8220; alignment=&#8220;center&#8220; el_class=&#8220;img-icone&#8220;][vc_column_text] Informationen \u00fcber die Mietobjekte [\/vc_column_text][\/vc_column_inner][\/vc_row_inner][\/vc_column][\/vc_row][vc_row full_width=&#8220;stretch_row&#8220; el_class=&#8220;pt-0 pb-0&#8243;][vc_column][vc_single_image image=&#8220;837&#8243; img_size=&#8220;full&#8220;][\/vc_column][\/vc_row][vc_row full_width=&#8220;stretch_row&#8220; el_class=&#8220;background-gray intro&#8220;][vc_column][vc_row_inner][vc_column_inner width=&#8220;3\/12&#8243;][\/vc_column_inner][vc_column_inner width=&#8220;6\/12&#8243;][vc_column_text] Die Kaserne befindet sich derzeit in einer \u00dcbergangsphase. Einige R\u00e4ume und Geb\u00e4ude werden vor\u00fcbergehend vom Staatssekretariat f\u00fcr Migration f\u00fcr die Unterbringung von Asylsuchenden genutzt, andere vom Kanton Freiburg f\u00fcr denselben Zweck. Ein [&hellip;]<\/p>\n","protected":false},"author":2,"featured_media":0,"parent":788,"menu_order":21,"comment_status":"closed","ping_status":"closed","template":"","meta":{"_acf_changed":false,"footnotes":""},"class_list":["post-794","page","type-page","status-publish","hentry"],"acf":[],"yoast_head":"<!-- This site is optimized with the Yoast SEO plugin v24.3 - https:\/\/yoast.com\/wordpress\/plugins\/seo\/ -->\n<title>Die Mietobjekte &#8226; Staat Freiburg &#8226; Das Poya-Viertel<\/title>\n<meta name=\"description\" content=\"Hier finden Sie alle Informationen \u00fcber die Mietobjekte im Poya-Viertel, einem einzigartigen Standort in zentraler Lage.\" \/>\n<meta name=\"robots\" content=\"index, follow, max-snippet:-1, max-image-preview:large, max-video-preview:-1\" \/>\n<link rel=\"canonical\" href=\"https:\/\/quartierdelapoya.ch\/de\/heute\/informationen-ueber-die-mietobjekte\/\" \/>\n<meta property=\"og:locale\" content=\"de_DE\" \/>\n<meta property=\"og:type\" content=\"article\" \/>\n<meta property=\"og:title\" content=\"Die Mietobjekte &#8226; Staat Freiburg &#8226; Das Poya-Viertel\" \/>\n<meta property=\"og:description\" content=\"Hier finden Sie alle Informationen \u00fcber die Mietobjekte im Poya-Viertel, einem einzigartigen Standort in zentraler Lage.\" \/>\n<meta property=\"og:url\" content=\"https:\/\/quartierdelapoya.ch\/de\/heute\/informationen-ueber-die-mietobjekte\/\" \/>\n<meta property=\"og:site_name\" content=\"Quartier de la Poya\" \/>\n<meta property=\"article:modified_time\" content=\"2024-09-02T14:36:52+00:00\" \/>\n<meta property=\"og:image\" content=\"https:\/\/quartierdelapoya.ch\/wp-content\/uploads\/2024\/03\/POYA_SEO_img.jpg\" \/>\n\t<meta property=\"og:image:width\" content=\"1200\" \/>\n\t<meta property=\"og:image:height\" content=\"675\" \/>\n\t<meta property=\"og:image:type\" content=\"image\/jpeg\" \/>\n<meta name=\"twitter:card\" content=\"summary_large_image\" \/>\n<meta name=\"twitter:label1\" content=\"Gesch\u00e4tzte Lesezeit\" \/>\n\t<meta name=\"twitter:data1\" content=\"7\u00a0Minuten\" \/>\n<script type=\"application\/ld+json\" class=\"yoast-schema-graph\">{\"@context\":\"https:\/\/schema.org\",\"@graph\":[{\"@type\":\"WebPage\",\"@id\":\"https:\/\/quartierdelapoya.ch\/de\/heute\/informationen-ueber-die-mietobjekte\/\",\"url\":\"https:\/\/quartierdelapoya.ch\/de\/heute\/informationen-ueber-die-mietobjekte\/\",\"name\":\"Die Mietobjekte &#8226; Staat Freiburg &#8226; Das Poya-Viertel\",\"isPartOf\":{\"@id\":\"https:\/\/quartierdelapoya.ch\/#website\"},\"datePublished\":\"2024-02-19T08:52:55+00:00\",\"dateModified\":\"2024-09-02T14:36:52+00:00\",\"description\":\"Hier finden Sie alle Informationen \u00fcber die Mietobjekte im Poya-Viertel, einem einzigartigen Standort in zentraler Lage.\",\"breadcrumb\":{\"@id\":\"https:\/\/quartierdelapoya.ch\/de\/heute\/informationen-ueber-die-mietobjekte\/#breadcrumb\"},\"inLanguage\":\"de\",\"potentialAction\":[{\"@type\":\"ReadAction\",\"target\":[\"https:\/\/quartierdelapoya.ch\/de\/heute\/informationen-ueber-die-mietobjekte\/\"]}]},{\"@type\":\"BreadcrumbList\",\"@id\":\"https:\/\/quartierdelapoya.ch\/de\/heute\/informationen-ueber-die-mietobjekte\/#breadcrumb\",\"itemListElement\":[{\"@type\":\"ListItem\",\"position\":1,\"name\":\"Accueil\",\"item\":\"https:\/\/quartierdelapoya.ch\/de\/\"},{\"@type\":\"ListItem\",\"position\":2,\"name\":\"Heute\",\"item\":\"https:\/\/quartierdelapoya.ch\/de\/heute\/\"},{\"@type\":\"ListItem\",\"position\":3,\"name\":\"Informationen \u00fcber die Mietobjekte\"}]},{\"@type\":\"WebSite\",\"@id\":\"https:\/\/quartierdelapoya.ch\/#website\",\"url\":\"https:\/\/quartierdelapoya.ch\/\",\"name\":\"Quartier de la Poya\",\"description\":\"R\u00e9inventons ensemble la Poya!\",\"publisher\":{\"@id\":\"https:\/\/quartierdelapoya.ch\/#organization\"},\"potentialAction\":[{\"@type\":\"SearchAction\",\"target\":{\"@type\":\"EntryPoint\",\"urlTemplate\":\"https:\/\/quartierdelapoya.ch\/?s={search_term_string}\"},\"query-input\":{\"@type\":\"PropertyValueSpecification\",\"valueRequired\":true,\"valueName\":\"search_term_string\"}}],\"inLanguage\":\"de\"},{\"@type\":\"Organization\",\"@id\":\"https:\/\/quartierdelapoya.ch\/#organization\",\"name\":\"Quartier de la Poya\",\"url\":\"https:\/\/quartierdelapoya.ch\/\",\"logo\":{\"@type\":\"ImageObject\",\"inLanguage\":\"de\",\"@id\":\"https:\/\/quartierdelapoya.ch\/#\/schema\/logo\/image\/\",\"url\":\"https:\/\/quartierdelapoya.ch\/wp-content\/uploads\/2024\/03\/LOGO_Etat-Fribourg.png\",\"contentUrl\":\"https:\/\/quartierdelapoya.ch\/wp-content\/uploads\/2024\/03\/LOGO_Etat-Fribourg.png\",\"width\":696,\"height\":696,\"caption\":\"Quartier de la Poya\"},\"image\":{\"@id\":\"https:\/\/quartierdelapoya.ch\/#\/schema\/logo\/image\/\"}}]}<\/script>\n<!-- \/ Yoast SEO plugin. -->","yoast_head_json":{"title":"Die Mietobjekte &#8226; Staat Freiburg &#8226; Das Poya-Viertel","description":"Hier finden Sie alle Informationen \u00fcber die Mietobjekte im Poya-Viertel, einem einzigartigen Standort in zentraler Lage.","robots":{"index":"index","follow":"follow","max-snippet":"max-snippet:-1","max-image-preview":"max-image-preview:large","max-video-preview":"max-video-preview:-1"},"canonical":"https:\/\/quartierdelapoya.ch\/de\/heute\/informationen-ueber-die-mietobjekte\/","og_locale":"de_DE","og_type":"article","og_title":"Die Mietobjekte &#8226; Staat Freiburg &#8226; Das Poya-Viertel","og_description":"Hier finden Sie alle Informationen \u00fcber die Mietobjekte im Poya-Viertel, einem einzigartigen Standort in zentraler Lage.","og_url":"https:\/\/quartierdelapoya.ch\/de\/heute\/informationen-ueber-die-mietobjekte\/","og_site_name":"Quartier de la Poya","article_modified_time":"2024-09-02T14:36:52+00:00","og_image":[{"width":1200,"height":675,"url":"https:\/\/quartierdelapoya.ch\/wp-content\/uploads\/2024\/03\/POYA_SEO_img.jpg","type":"image\/jpeg"}],"twitter_card":"summary_large_image","twitter_misc":{"Gesch\u00e4tzte Lesezeit":"7\u00a0Minuten"},"schema":{"@context":"https:\/\/schema.org","@graph":[{"@type":"WebPage","@id":"https:\/\/quartierdelapoya.ch\/de\/heute\/informationen-ueber-die-mietobjekte\/","url":"https:\/\/quartierdelapoya.ch\/de\/heute\/informationen-ueber-die-mietobjekte\/","name":"Die Mietobjekte &#8226; Staat Freiburg &#8226; Das Poya-Viertel","isPartOf":{"@id":"https:\/\/quartierdelapoya.ch\/#website"},"datePublished":"2024-02-19T08:52:55+00:00","dateModified":"2024-09-02T14:36:52+00:00","description":"Hier finden Sie alle Informationen \u00fcber die Mietobjekte im Poya-Viertel, einem einzigartigen Standort in zentraler Lage.","breadcrumb":{"@id":"https:\/\/quartierdelapoya.ch\/de\/heute\/informationen-ueber-die-mietobjekte\/#breadcrumb"},"inLanguage":"de","potentialAction":[{"@type":"ReadAction","target":["https:\/\/quartierdelapoya.ch\/de\/heute\/informationen-ueber-die-mietobjekte\/"]}]},{"@type":"BreadcrumbList","@id":"https:\/\/quartierdelapoya.ch\/de\/heute\/informationen-ueber-die-mietobjekte\/#breadcrumb","itemListElement":[{"@type":"ListItem","position":1,"name":"Accueil","item":"https:\/\/quartierdelapoya.ch\/de\/"},{"@type":"ListItem","position":2,"name":"Heute","item":"https:\/\/quartierdelapoya.ch\/de\/heute\/"},{"@type":"ListItem","position":3,"name":"Informationen \u00fcber die Mietobjekte"}]},{"@type":"WebSite","@id":"https:\/\/quartierdelapoya.ch\/#website","url":"https:\/\/quartierdelapoya.ch\/","name":"Quartier de la Poya","description":"R\u00e9inventons ensemble la Poya!","publisher":{"@id":"https:\/\/quartierdelapoya.ch\/#organization"},"potentialAction":[{"@type":"SearchAction","target":{"@type":"EntryPoint","urlTemplate":"https:\/\/quartierdelapoya.ch\/?s={search_term_string}"},"query-input":{"@type":"PropertyValueSpecification","valueRequired":true,"valueName":"search_term_string"}}],"inLanguage":"de"},{"@type":"Organization","@id":"https:\/\/quartierdelapoya.ch\/#organization","name":"Quartier de la Poya","url":"https:\/\/quartierdelapoya.ch\/","logo":{"@type":"ImageObject","inLanguage":"de","@id":"https:\/\/quartierdelapoya.ch\/#\/schema\/logo\/image\/","url":"https:\/\/quartierdelapoya.ch\/wp-content\/uploads\/2024\/03\/LOGO_Etat-Fribourg.png","contentUrl":"https:\/\/quartierdelapoya.ch\/wp-content\/uploads\/2024\/03\/LOGO_Etat-Fribourg.png","width":696,"height":696,"caption":"Quartier de la Poya"},"image":{"@id":"https:\/\/quartierdelapoya.ch\/#\/schema\/logo\/image\/"}}]}},"_links":{"self":[{"href":"https:\/\/quartierdelapoya.ch\/de\/wp-json\/wp\/v2\/pages\/794","targetHints":{"allow":["GET"]}}],"collection":[{"href":"https:\/\/quartierdelapoya.ch\/de\/wp-json\/wp\/v2\/pages"}],"about":[{"href":"https:\/\/quartierdelapoya.ch\/de\/wp-json\/wp\/v2\/types\/page"}],"author":[{"embeddable":true,"href":"https:\/\/quartierdelapoya.ch\/de\/wp-json\/wp\/v2\/users\/2"}],"replies":[{"embeddable":true,"href":"https:\/\/quartierdelapoya.ch\/de\/wp-json\/wp\/v2\/comments?post=794"}],"version-history":[{"count":19,"href":"https:\/\/quartierdelapoya.ch\/de\/wp-json\/wp\/v2\/pages\/794\/revisions"}],"predecessor-version":[{"id":2603,"href":"https:\/\/quartierdelapoya.ch\/de\/wp-json\/wp\/v2\/pages\/794\/revisions\/2603"}],"up":[{"embeddable":true,"href":"https:\/\/quartierdelapoya.ch\/de\/wp-json\/wp\/v2\/pages\/788"}],"wp:attachment":[{"href":"https:\/\/quartierdelapoya.ch\/de\/wp-json\/wp\/v2\/media?parent=794"}],"curies":[{"name":"wp","href":"https:\/\/api.w.org\/{rel}","templated":true}]}}